{"id":24,"date":"2026-08-26T10:52:22","date_gmt":"2026-08-26T08:52:22","guid":{"rendered":"https:\/\/media.aurmanlab.com\/clientes\/100Larreineta\/?page_id=24"},"modified":"2026-08-31T12:40:00","modified_gmt":"2026-08-31T10:40:00","slug":"24-2","status":"publish","type":"page","link":"https:\/\/www.100larreineta.eus\/eu\/","title":{"rendered":"PROGRAMA"},"content":{"rendered":"<div style=\"height:75px\" aria-hidden=\"true\" class=\"wp-block-spacer\"><\/div>\n\n\n<h4 class=\"fonts-plugin-block\" style=\"font-family: gravita-geo-variable;font-weight: 700;font-size: 36px;color: #93775b\">AURKEZPENA<\/h4>\n\n<p class=\"fonts-plugin-block is-style-default\" style=\"font-family: gravita-geo-variable;font-weight: 700;font-size: 19px\">Larreinetako Funikularra Meatzaldeko historia bizia da eta bere mendeurrenak ospakizun handia merezi du. Gure meatzaritzaren iragana gogora ekartzeko pentsatutako esperientzia bati ongietorria ematen diogu, bere benetako protagonisten eskutik: ehun urtetik gorako instalazioen erraietatik hasi eta garai hartako benetako etxebizitza baten barrualderaino, eskualdea moldatu zuten putzuetatik igaroz. Eta bidaia honi amaiera emateko, funikularraren mendeurreneko festa handian izango gaituzu zain, zuzeneko musikarekin, tradizioarekin eta tokiko gastronomiarik onenarekin.<\/p>\n\n\n<div data-wp-context=\"{ &quot;autoclose&quot;: false, &quot;accordionItems&quot;: [] }\" data-wp-interactive=\"core\/accordion\" role=\"group\" class=\"wp-block-accordion is-layout-flow wp-block-accordion-is-layout-flow\">\n<div data-wp-class--is-open=\"state.isOpen\" data-wp-context=\"{ &quot;id&quot;: &quot;accordion-item-6&quot;, &quot;openByDefault&quot;: false }\" data-wp-init=\"callbacks.initAccordionItems\" data-wp-on-window--hashchange=\"callbacks.hashChange\" class=\"wp-block-accordion-item has-custom-css is-layout-flow wp-block-accordion-item-is-layout-flow wp-custom-css-6b7c588d\">\n<h3 class=\"wp-block-accordion-heading has-icon has-icon-right has-custom-css wp-custom-css-4182b528\" style=\"font-size:clamp(1.25em, 1.25rem + ((1vw - 0.2em) * 1.176), 2em);\"><button aria-expanded=\"false\" aria-controls=\"accordion-item-6-panel\" data-wp-bind--aria-expanded=\"state.isOpen\" data-wp-on--click=\"actions.toggle\" id=\"accordion-item-6\" type=\"button\" class=\"wp-block-accordion-heading__toggle\"><span class=\"wp-block-accordion-heading__toggle-title\">EKITALDIEN EGITARAUA<\/span><span class=\"wp-block-accordion-heading__toggle-icon\" aria-hidden=\"true\">+<\/span><\/button><\/h3>\n\n\n\n<div aria-labelledby=\"accordion-item-6\" data-wp-bind--hidden=\"state.isHidden\" data-wp-on--beforematch=\"actions.handleBeforeMatch\" id=\"accordion-item-6-panel\" role=\"region\" class=\"wp-block-accordion-panel is-layout-flow wp-block-accordion-panel-is-layout-flow\"><h3 class=\"fonts-plugin-block\" style=\"font-family: gravita-geo-variable;font-weight: 700;font-size: 28px;line-height: 2.8;color: #111111\">2026ko IRAILA<\/h3>\n\n\n<hr class=\"wp-block-separator has-alpha-channel-opacity is-style-wide is-style-wide--1\"\/>\n\n\n\n<div class=\"wp-block-columns is-layout-flex wp-container-core-columns-is-layout-794e3cfa wp-block-columns-is-layout-flex\">\n<div class=\"wp-block-column is-layout-flow wp-block-column-is-layout-flow\" style=\"flex-basis:15%\">\n<h2 class=\"wp-block-heading has-text-align-left\" style=\"margin-top:var(--wp--preset--spacing--20);margin-right:0;margin-bottom:var(--wp--preset--spacing--20);margin-left:0;font-size:clamp(2.2rem, 2.2rem + ((1vw - 0.2rem) * 2.824), 4rem);\">14-21<\/h2>\n<\/div>\n\n\n\n<div class=\"wp-block-column has-custom-css is-layout-flow wp-block-column-is-layout-flow wp-custom-css-aadac0db\" style=\"flex-basis:66.66%\"><p class=\"fonts-plugin-block p-horario wp-custom-css-07c65052 has-custom-css\" style=\"font-family: gravita-geo-variable;font-weight: 300;font-size: 16px;line-height: 1;color: #111111\">Llano Plaza - Trapagaran<\/p>\n\n<p class=\"fonts-plugin-block wp-custom-css-5bd27e2c has-custom-css\" style=\"font-family: gravita-geo-variable;font-weight: 700;font-size: 16px;line-height: 1.4;color: #93775b\">Erakusketa ibiltaria:\n'De Bizkaia de toda la vida'<\/p><\/div>\n<\/div>\n\n\n\n<hr class=\"wp-block-separator has-alpha-channel-opacity is-style-wide is-style-wide--2\"\/>\n\n\n\n<div class=\"wp-block-columns is-layout-flex wp-container-core-columns-is-layout-794e3cfa wp-block-columns-is-layout-flex\">\n<div class=\"wp-block-column is-layout-flow wp-block-column-is-layout-flow\" style=\"flex-basis:15%\">\n<h2 class=\"wp-block-heading has-text-align-left\" style=\"font-size:clamp(2.2rem, 2.2rem + ((1vw - 0.2rem) * 2.824), 4rem);\">15<\/h2>\n<\/div>\n\n\n\n<div class=\"wp-block-column has-custom-css is-layout-flow wp-block-column-is-layout-flow wp-custom-css-e315c8a9\" style=\"flex-basis:66.66%\"><p class=\"fonts-plugin-block p-horario wp-custom-css-6ca148c6 has-custom-css\" style=\"font-family: gravita-geo-variable;font-weight: 300;font-size: 16px;line-height: 1;color: #111111\">ASTEARTEA<br>18:00 <br>Olaso Jauregia<\/p>\n\n<p class=\"fonts-plugin-block wp-custom-css-bbd28e58 has-custom-css\" style=\"font-family: gravita-geo-variable;font-weight: 700;font-size: 16px;line-height: 1.4;color: #93775b\">100. urteurrenaren liburuari buruzko hitzaldia<\/p><\/div>\n<\/div>\n\n\n\n<hr class=\"wp-block-separator has-alpha-channel-opacity is-style-wide is-style-wide--3\"\/>\n\n\n\n<div class=\"wp-block-columns is-layout-flex wp-container-core-columns-is-layout-794e3cfa wp-block-columns-is-layout-flex\">\n<div class=\"wp-block-column is-layout-flow wp-block-column-is-layout-flow\" style=\"flex-basis:15%\">\n<h2 class=\"wp-block-heading has-text-align-left\" style=\"font-size:clamp(3.426rem, 3.426rem + ((1vw - 0.2rem) * 5.606), 7rem);\">19<\/h2>\n<\/div>\n\n\n\n<div class=\"wp-block-column has-global-padding is-layout-constrained wp-block-column-is-layout-constrained\" style=\"flex-basis:66.66%\"><p class=\"fonts-plugin-block p-horario wp-custom-css-a6cc70b9 has-custom-css\" style=\"font-family: gravita-geo-variable;font-weight: 300;font-size: 16px;line-height: 1;color: #111111\">LARUNBATA<\/p>\n\n<p class=\"fonts-plugin-block wp-custom-css-11bf482d has-custom-css\" style=\"font-family: reel-tall;font-weight: 700;font-size: 72px;line-height: 1;color: #93775b\">FUNIKULARRAREN 100. URTEURRENAREN FESTA<\/p>\n\n<p class=\"fonts-plugin-block p-horario wp-custom-css-079c0dd8 has-custom-css\" style=\"font-family: gravita-geo-variable;font-weight: 300;font-size: 16px;line-height: 1;color: #111111\">Ekitaldia Trapagaranen<\/p>\n\n\n<div style=\"height:15px\" aria-hidden=\"true\" class=\"wp-block-spacer\"><\/div>\n\n\n\n<style data-wp-block-html=\"css\">\n.linea-puntos {\n    width: 100%;\n    height: 2px;\n    background-image: radial-gradient(circle, currentColor 1px, transparent 1.5px);\n    background-size: 8px 2px;\n    background-repeat: repeat-x;\nmargin-top: 10px;\nmargin-bottom: 10px;\n}\n<\/style>\n\n<div class=\"linea-puntos\"><\/div>\n\n\n\n<div style=\"height:15px\" aria-hidden=\"true\" class=\"wp-block-spacer\"><\/div>\n\n\n<p class=\"fonts-plugin-block wp-custom-css-62aa797f has-custom-css\" style=\"font-family: reel-tall;font-weight: 500;font-size: 42px;line-height: 1;color: #111111\"><strong>1. EREMUA:<\/strong> LAUAXETA PLAZA<\/p>\n\n\n<div style=\"height:15px\" aria-hidden=\"true\" class=\"wp-block-spacer\"><\/div>\n\n\n<p class=\"fonts-plugin-block p-horario wp-custom-css-21e69245 has-custom-css\" style=\"font-family: gravita-geo-variable;font-weight: 300;font-size: 16px;line-height: 1;color: #111111\">11:00 \u2013 14:00 eta 16:00 \u2013 18:00<\/p>\n\n\n<h5 class=\"wp-block-heading has-custom-css has-text-color has-link-color wp-elements-1 wp-custom-css-077e6de6\" style=\"color:#93775b\">MURGILTZE-ARETOA: 360\u00ba-ko proiekzioak Bizkaiari eta iragan industrialari buruz (IRON RIVER ibilbideak)<\/h5>\n\n\n<p class=\"fonts-plugin-block p-horario wp-custom-css-585ea230 has-custom-css\" style=\"font-family: gravita-geo-variable;font-weight: 300;font-size: 16px;line-height: 1;color: #111111\">Emanaldiak 30 minutuan behin \u2013 egun berean izena eman beharko da.<\/p>\n\n\n<div style=\"height:2px\" aria-hidden=\"true\" class=\"wp-block-spacer\"><\/div>\n\n\n<p class=\"fonts-plugin-block p-horario wp-custom-css-3882ea54 has-custom-css\" style=\"font-family: gravita-geo-variable;font-weight: 300;font-size: 16px;line-height: 1;color: #111111\">11:30<\/p>\n\n\n<h5 class=\"wp-block-heading has-custom-css has-text-color has-link-color wp-elements-2 wp-custom-css-5eccb9ee\" style=\"color:#93775b\">Hasiera, metalezko TXALAPARTA bidezko deiarekin.<\/h5>\n\n\n\n<div style=\"height:3px\" aria-hidden=\"true\" class=\"wp-block-spacer\"><\/div>\n\n\n<p class=\"fonts-plugin-block p-horario wp-custom-css-6497efd5 has-custom-css\" style=\"font-family: gravita-geo-variable;font-weight: 300;font-size: 16px;line-height: 1;color: #111111\">11:45 &#8211; 12:15<\/p>\n\n\n<h5 class=\"wp-block-heading has-custom-css has-text-color has-link-color wp-elements-3 wp-custom-css-fd5d8341\" style=\"color:#93775b\">HARRI-ZULATZAILEEN erakusketa TXALAPARTArekin.<\/h5>\n\n\n\n<div style=\"height:4px\" aria-hidden=\"true\" class=\"wp-block-spacer\"><\/div>\n\n\n<p class=\"fonts-plugin-block p-horario wp-custom-css-c9319452 has-custom-css\" style=\"font-family: gravita-geo-variable;font-weight: 300;font-size: 16px;line-height: 1;color: #111111\">12:15 &#8211; 13:30<\/p>\n\n\n<h5 class=\"wp-block-heading has-custom-css has-text-color has-link-color wp-elements-4 wp-custom-css-282b9151\" style=\"color:#93775b\">MEATZE-JOKOAK (I. zatia)<\/h5>\n\n\n<p class=\"fonts-plugin-block p-horario wp-custom-css-8228fa7e has-custom-css\" style=\"font-family: gravita-geo-variable;font-weight: 300;font-size: 16px;line-height: 1;color: #111111\">Kirola, jokoak eta ikaskuntza, meatzaritzari lotutako lana eta bizimodua oinarri hartuta.<br>Proposamen eta maila desberdinak (6-15 urte).\u00a0<br>1. Barrena TXIKI<br>2. Harrijasoketa (pisu txikiko harriak)\u00a0<br>3. ALL IRON!! (meatze-materialak jasotzeko lasterketa)\u00a0<br>4. Soka tira.<br>\u00a0<br>\u00a0<\/p>\n\n\n<h5 class=\"wp-block-heading has-custom-css has-text-color has-link-color wp-elements-5 wp-custom-css-8bff3a4e\" style=\"color:#93775b\">TXALAPARTA eta TRIKITIXA, musika-animazioa.<\/h5>\n\n\n\n<div style=\"height:4px\" aria-hidden=\"true\" class=\"wp-block-spacer\"><\/div>\n\n\n<p class=\"fonts-plugin-block p-horario wp-custom-css-2d5b1766 has-custom-css\" style=\"font-family: gravita-geo-variable;font-weight: 300;font-size: 16px;line-height: 1;color: #111111\">13:00 &#8211; 15:00<\/p>\n\n\n<h5 class=\"wp-block-heading has-custom-css has-text-color has-link-color wp-elements-6 wp-custom-css-cce7e518\" style=\"color:#93775b\">Bazkaria, Bizkaiko Txakolina eta Putxera solidarioekin.<\/h5>\n\n\n<p class=\"fonts-plugin-block p-horario wp-custom-css-3558c740 has-custom-css\" style=\"font-family: gravita-geo-variable;font-weight: 300;font-size: 16px;line-height: 1;color: #111111\">Bildutako dirua Meatzaritzaren Museora bideratuko da.<br>\u00a0<br>\u00a0<\/p>\n\n\n<div style=\"height:2px\" aria-hidden=\"true\" class=\"wp-block-spacer\"><\/div>\n\n\n<p class=\"fonts-plugin-block p-horario wp-custom-css-34e9c687 has-custom-css\" style=\"font-family: gravita-geo-variable;font-weight: 300;font-size: 16px;line-height: 1;color: #111111\">16:00 &#8211; 18:00<\/p>\n\n\n<h5 class=\"wp-block-heading has-custom-css has-text-color has-link-color wp-elements-7 wp-custom-css-384a6524\" style=\"color:#93775b\">MEATZE-JOKOAK (II. zatia)<\/h5>\n\n\n<p class=\"fonts-plugin-block p-horario wp-custom-css-17316bfe has-custom-css\" style=\"font-family: gravita-geo-variable;font-weight: 300;font-size: 16px;line-height: 1;color: #111111\">1. Taller de Minerales y EKO: taller con personal ge\u00f3logo para descubrir la geograf\u00eda, minerales y fuentes de energ\u00eda a trav\u00e9s de juegos y manualidades.<br>Proposamen eta maila desberdinak (6-15 urte).<br><br>2. Harrijasoketa (emakumezkoak).<br>\u00a0<br>\u00a0<\/p>\n\n\n<div style=\"height:0px\" aria-hidden=\"true\" class=\"wp-block-spacer\"><\/div>\n\n\n<p class=\"fonts-plugin-block p-horario wp-custom-css-2fcad3ab has-custom-css\" style=\"font-family: gravita-geo-variable;font-weight: 300;font-size: 16px;line-height: 1;color: #111111\">19:00<\/p>\n\n\n<h5 class=\"wp-block-heading has-custom-css has-text-color has-link-color wp-elements-8 wp-custom-css-387b7c32\" style=\"color:#93775b\">KONTZERTUA, Bilboko Akordeoi Orkestra Sinfonikoaren eskutik<\/h5>\n\n\n<p class=\"fonts-plugin-block p-horario wp-custom-css-b8c450ba has-custom-css\" style=\"font-family: gravita-geo-variable;font-weight: 300;font-size: 16px;line-height: 1;color: #111111\">(Jaunaren Transfigurazioaren Eliza).<\/p>\n\n\n<div style=\"height:21px\" aria-hidden=\"true\" class=\"wp-block-spacer\"><\/div>\n\n\n\n<style data-wp-block-html=\"css\">\n.linea-puntos {\n    width: 100%;\n    height: 2px;\n    background-image: radial-gradient(circle, currentColor 1px, transparent 1.5px);\n    background-size: 8px 2px;\n    background-repeat: repeat-x;\n}\n<\/style>\n\n<div class=\"linea-puntos\"><\/div>\n\n\n\n<div style=\"height:21px\" aria-hidden=\"true\" class=\"wp-block-spacer\"><\/div>\n\n\n<p class=\"fonts-plugin-block\" style=\"font-family: reel-tall;font-weight: 500;font-size: 42px;line-height: 1;color: #111111\"><strong>2. EREMUA<\/strong> LARREINETA ETA ZUGAZTIETA<\/p>\n\n\n<div style=\"height:21px\" aria-hidden=\"true\" class=\"wp-block-spacer\"><\/div>\n\n\n<p class=\"fonts-plugin-block p-horario wp-custom-css-2f8dadb9 has-custom-css\" style=\"font-family: gravita-geo-variable;font-weight: 300;font-size: 16px;line-height: 1;color: #111111\">11:30, 12:30, 16:00 eta 17:00<\/p>\n\n\n<h5 class=\"wp-block-heading has-custom-css has-text-color has-link-color wp-elements-9 wp-custom-css-68a7673e\" style=\"color:#93775b\">IRON RIVER BISITA GIDATUAK (5. ibilbidea)&nbsp;<br>Larreineta y Zugaztieta<\/h5>\n\n\n<p class=\"fonts-plugin-block p-horario wp-custom-css-27c4a1f7 has-custom-css\" style=\"font-family: gravita-geo-variable;font-weight: 300;font-size: 16px;line-height: 1;color: #111111\">- Bisitaren iraupena: 1h 30m<br>- Meatze-gosegarria emango da.\u00a0<br>- Plazak mugatuak dira eta aldez aurretik izena eman behar da <strong><mark style=\"color:#027ba9\" class=\"has-inline-color\"><a href=\"https:\/\/www.google.com\" data-type=\"link\" data-id=\"https:\/\/www.google.com\">HEMEN.<\/a><\/mark><\/strong><br>- Sardina txingarretan, txakinartoa eta arroz-esnea.<br>- TRIKITIXA, musika-animazioa.<br><br><strong>Ibilbidea:<\/strong><br>- Funikularrean igotzea\u00a0<br>- Larreinetako bisita<br>- Zugaztietako anezka<br>- Putzua bisitatzea + Meatzarien etxe zaharra<br>- Larreinetara itzultzeko anezka<br>- Meatze-gosegarria.<\/p>\n\n\n<div style=\"height:2px\" aria-hidden=\"true\" class=\"wp-block-spacer\"><\/div>\n\n\n<p class=\"fonts-plugin-block p-horario wp-custom-css-d88a6e53 has-custom-css\" style=\"font-family: gravita-geo-variable;font-weight: 300;font-size: 16px;line-height: 1;color: #111111\">11:30etik egun osoan zehar.<\/p>\n\n\n<h5 class=\"wp-block-heading has-custom-css has-text-color has-link-color wp-elements-10 wp-custom-css-72831acb\" style=\"color:#93775b\">Bisita gidatuak Funikularraren geltokira.<\/h5>\n\n\n\n<div style=\"height:2px\" aria-hidden=\"true\" class=\"wp-block-spacer\"><\/div>\n\n\n<p class=\"fonts-plugin-block p-horario wp-custom-css-9b753a15 has-custom-css\" style=\"font-family: gravita-geo-variable;font-weight: 300;font-size: 16px;line-height: 1;color: #111111\">19:30 \u2013 21:00 eta 21:30 -22:30<\/p>\n\n\n<h5 class=\"wp-block-heading has-custom-css has-text-color has-link-color wp-elements-11 wp-custom-css-25fd1de2\" style=\"color:#93775b\">OXABI Erromeria.<\/h5>\n\n\n\n<div style=\"height:2px\" aria-hidden=\"true\" class=\"wp-block-spacer\"><\/div>\n\n\n<p class=\"fonts-plugin-block p-horario wp-custom-css-2f5e4180 has-custom-css\" style=\"font-family: gravita-geo-variable;font-weight: 300;font-size: 16px;line-height: 1;color: #111111\">21:15 eta 22:45<\/p>\n\n\n<h5 class=\"wp-block-heading has-custom-css has-text-color has-link-color wp-elements-12 wp-custom-css-22c8e2b7\" style=\"color:#93775b\">Videomapping-a (2 txanda).<\/h5>\n<\/div>\n<\/div>\n\n\n\n<hr class=\"wp-block-separator has-alpha-channel-opacity is-style-wide is-style-wide--4\"\/>\n\n\n\n<div class=\"wp-block-columns is-layout-flex wp-container-core-columns-is-layout-794e3cfa wp-block-columns-is-layout-flex\">\n<div class=\"wp-block-column is-layout-flow wp-block-column-is-layout-flow\" style=\"flex-basis:15%\">\n<h2 class=\"wp-block-heading has-text-align-left\" style=\"margin-top:var(--wp--preset--spacing--20);margin-right:0;margin-bottom:var(--wp--preset--spacing--20);margin-left:0;font-size:clamp(3.426rem, 3.426rem + ((1vw - 0.2rem) * 5.606), 7rem);\">26<\/h2>\n<\/div>\n\n\n\n<div class=\"wp-block-column has-custom-css is-layout-flow wp-block-column-is-layout-flow wp-custom-css-6d28b47d\" style=\"flex-basis:66.66%\"><p class=\"fonts-plugin-block p-horario wp-custom-css-b2d4a366 has-custom-css\" style=\"font-family: gravita-geo-variable;font-weight: 300;font-size: 16px;line-height: 1;color: #111111\"><strong>LARUNBATA<\/strong><br>La Escontrilla &#8211; C\/ Funicular 30<\/p>\n\n\n<div style=\"height:1px\" aria-hidden=\"true\" class=\"wp-block-spacer\"><\/div>\n\n\n<p class=\"fonts-plugin-block p-horario wp-custom-css-41fd132b has-custom-css\" style=\"font-family: gravita-geo-variable;font-weight: 300;font-size: 16px;line-height: 1;color: #111111\">18:00<\/p>\n\n<p class=\"fonts-plugin-block wp-custom-css-bc36c343 has-custom-css\" style=\"font-family: gravita-geo-variable;font-weight: 700;font-size: 16px;line-height: 1.4;color: #93775b\">Apertura<\/p>\n\n\n<div style=\"height:1px\" aria-hidden=\"true\" class=\"wp-block-spacer\"><\/div>\n\n\n<p class=\"fonts-plugin-block p-horario wp-custom-css-0e04dc4e has-custom-css\" style=\"font-family: gravita-geo-variable;font-weight: 300;font-size: 16px;line-height: 1;color: #111111\">18:15<\/p>\n\n<p class=\"fonts-plugin-block wp-custom-css-8aa8e91f has-custom-css\" style=\"font-family: gravita-geo-variable;font-weight: 700;font-size: 16px;line-height: 1.4;color: #93775b\">Actuaci\u00f3n COROS DE VALLE DE TR\u00c1PAGA<\/p>\n\n<p class=\"fonts-plugin-block p-horario wp-custom-css-e582c571 has-custom-css\" style=\"font-family: gravita-geo-variable;font-weight: 300;font-size: 16px;line-height: 1;color: #111111\">Agrupaci\u00f3n Musical Babcock Abesbatza.<br>Coral Mendipe Abesbatza.<br>Zugaztietako Elizpe Taldea de La Arboleda.<br>Aldai Kantu taldea.<\/p>\n\n\n<div style=\"height:1px\" aria-hidden=\"true\" class=\"wp-block-spacer\"><\/div>\n\n\n<p class=\"fonts-plugin-block p-horario wp-custom-css-3d9b51b4 has-custom-css\" style=\"font-family: gravita-geo-variable;font-weight: 300;font-size: 16px;line-height: 1;color: #111111\">19:15<\/p>\n\n<p class=\"fonts-plugin-block wp-custom-css-91d8c128 has-custom-css\" style=\"font-family: gravita-geo-variable;font-weight: 700;font-size: 16px;line-height: 1.4;color: #93775b\">Recital de poes\u00eda con Pilar Zurro.<\/p>\n\n\n<div style=\"height:1px\" aria-hidden=\"true\" class=\"wp-block-spacer\"><\/div>\n\n\n<p class=\"fonts-plugin-block p-horario wp-custom-css-9d1ae3f4 has-custom-css\" style=\"font-family: gravita-geo-variable;font-weight: 300;font-size: 16px;line-height: 1;color: #111111\">19:45<\/p>\n\n<p class=\"fonts-plugin-block wp-custom-css-39b148e0 has-custom-css\" style=\"font-family: gravita-geo-variable;font-weight: 700;font-size: 16px;line-height: 1.4;color: #93775b\">Alarde con Danetarako Danok Dantza Taldea.<\/p><\/div>\n<\/div>\n\n\n\n<hr class=\"wp-block-separator has-alpha-channel-opacity is-style-wide is-style-wide--5\"\/>\n<\/div>\n<\/div>\n\n\n\n<div data-wp-class--is-open=\"state.isOpen\" data-wp-context=\"{ &quot;id&quot;: &quot;accordion-item-7&quot;, &quot;openByDefault&quot;: false }\" data-wp-init=\"callbacks.initAccordionItems\" data-wp-on-window--hashchange=\"callbacks.hashChange\" class=\"wp-block-accordion-item has-custom-css is-layout-flow wp-block-accordion-item-is-layout-flow wp-custom-css-93e26362\">\n<h3 class=\"wp-block-accordion-heading has-icon has-icon-right\" style=\"font-size:clamp(1.25em, 1.25rem + ((1vw - 0.2em) * 1.176), 2em);\"><button aria-expanded=\"false\" aria-controls=\"accordion-item-7-panel\" data-wp-bind--aria-expanded=\"state.isOpen\" data-wp-on--click=\"actions.toggle\" id=\"accordion-item-7\" type=\"button\" class=\"wp-block-accordion-heading__toggle\"><span class=\"wp-block-accordion-heading__toggle-title\">IZENA EMAN JARDUERETAN<\/span><span class=\"wp-block-accordion-heading__toggle-icon\" aria-hidden=\"true\">+<\/span><\/button><\/h3>\n\n\n\n<div aria-labelledby=\"accordion-item-7\" data-wp-bind--hidden=\"state.isHidden\" data-wp-on--beforematch=\"actions.handleBeforeMatch\" id=\"accordion-item-7-panel\" role=\"region\" class=\"wp-block-accordion-panel is-layout-flow wp-block-accordion-panel-is-layout-flow\">\n<h5 class=\"wp-block-heading has-custom-css has-text-color has-link-color wp-elements-13 wp-custom-css-0d5f6dfe\" style=\"color:#93775b\">BISITAK MURGILTZE-ARETORA 360\u00ba<\/h5>\n\n\n<p class=\"fonts-plugin-block p-horario wp-custom-css-a3e7deec has-custom-css\" style=\"font-family: gravita-geo-variable;font-weight: 300;font-size: 16px;line-height: 3;color: #111111\"><strong>Izen-ematea:<\/strong> 10:30etik aurrera mostradorean \/ informazio-puntuan<br><strong>Bisitaren iraupena:<\/strong> 15\u2019\u00a0<br><strong>Edukiera:<\/strong> 15 pertsona\/emanaldi.<br><strong>Orduak \/Emanaldiak:<\/strong> 11:00 \/ 11:30 \/ 12:00 \/ 12:30 \/ 13:00 \/ 13:30 \/ 14:00 \/ 16:00 \/ 16:30 \/ 17:00 \/ 17:30 \/ 18:00<\/p>\n\n\n<hr class=\"wp-block-separator has-alpha-channel-opacity\"\/>\n\n\n\n<div style=\"height:2px\" aria-hidden=\"true\" class=\"wp-block-spacer\"><\/div>\n\n\n\n<div class=\"wp-block-columns is-layout-flex wp-container-core-columns-is-layout-794e3cfa wp-block-columns-is-layout-flex\">\n<div class=\"wp-block-column is-layout-flow wp-block-column-is-layout-flow\">\n<h5 class=\"wp-block-heading has-custom-css has-text-color has-link-color wp-elements-14 wp-custom-css-21b67023\" style=\"color:#93775b\">IRON RIVER BISITA GIDATUAK (5. ibilbidea) - Larreineta eta Zugaztieta.<\/h5>\n\n\n<p class=\"fonts-plugin-block p-horario wp-custom-css-d8b1c699 has-custom-css\" style=\"font-family: gravita-geo-variable;font-weight: 300;font-size: 16px;line-height: 1.5;color: #111111\"><br><strong>Bisitaren iraupena:<\/strong> 1h30\u2019<br><br><strong>Edukiera:<\/strong> 20 pertsona\/bisita.<br><br><strong>Bisiten orduak:<\/strong> 11:30 \/ 12:30 \/ 16:00 \/ 17:00<br><strong>Ibilbidea:<\/strong><br>- Funikularrean igotzea\u00a0<br>- Larreinetako bisita<br>- Zugaztietako anezka<br>- Putzua bisitatzea + Meatzarien etxe zaharra<br>- Larreinetara itzultzeko anezka<br>- Meatze-gosegarria<br><\/p><\/div>\n\n\n\n<div class=\"wp-block-column is-vertically-aligned-bottom is-layout-flow wp-block-column-is-layout-flow\">\n<figure class=\"wp-block-image aligncenter size-full is-resized\"><img decoding=\"async\" width=\"347\" height=\"346\" fetchpriority=\"low\" src=\"https:\/\/media.aurmanlab.com\/clientes\/100Larreineta\/wp-content\/uploads\/2026\/08\/BOTON-EUS.png\" alt=\"\" class=\"wp-image-156\" style=\"width:251px;height:auto\" srcset=\"\" sizes=\"(max-width: 347px) 100vw, 347px\" data-srcset=\"\" \/><\/figure>\n<\/div>\n<\/div>\n\n\n\n<div style=\"height:42px\" aria-hidden=\"true\" class=\"wp-block-spacer\"><\/div>\n<\/div>\n<\/div>\n<\/div>\n\n\n\n<p class=\"wp-block-paragraph\"><\/p>","protected":false},"excerpt":{"rendered":"","protected":false},"author":2,"featured_media":0,"parent":0,"menu_order":0,"comment_status":"closed","ping_status":"closed","template":"page-no-title","meta":{"footnotes":""},"class_list":["post-24","page","type-page","status-publish","hentry"],"_links":{"self":[{"href":"https:\/\/www.100larreineta.eus\/eu\/wp-json\/wp\/v2\/pages\/24","targetHints":{"allow":["GET"]}}],"collection":[{"href":"https:\/\/www.100larreineta.eus\/eu\/wp-json\/wp\/v2\/pages"}],"about":[{"href":"https:\/\/www.100larreineta.eus\/eu\/wp-json\/wp\/v2\/types\/page"}],"author":[{"embeddable":true,"href":"https:\/\/www.100larreineta.eus\/eu\/wp-json\/wp\/v2\/users\/2"}],"replies":[{"embeddable":true,"href":"https:\/\/www.100larreineta.eus\/eu\/wp-json\/wp\/v2\/comments?post=24"}],"version-history":[{"count":137,"href":"https:\/\/www.100larreineta.eus\/eu\/wp-json\/wp\/v2\/pages\/24\/revisions"}],"predecessor-version":[{"id":194,"href":"https:\/\/www.100larreineta.eus\/eu\/wp-json\/wp\/v2\/pages\/24\/revisions\/194"}],"wp:attachment":[{"href":"https:\/\/www.100larreineta.eus\/eu\/wp-json\/wp\/v2\/media?parent=24"}],"curies":[{"name":"wp","href":"https:\/\/api.w.org\/{rel}","templated":true}]}}